{"id":4944,"date":"2016-03-06T12:36:25","date_gmt":"2016-03-06T11:36:25","guid":{"rendered":"https:\/\/bio-senf.ch\/shop\/zofiger-bio-senf-aprikose-mild\/"},"modified":"2025-01-31T09:44:59","modified_gmt":"2025-01-31T08:44:59","slug":"moutarde-bio-abricot-doux","status":"publish","type":"product","link":"https:\/\/bio-senf.ch\/fr\/shop\/moutarde-bio-abricot-doux\/","title":{"rendered":"Moutarde bio \u00e0 l&rsquo;abricot douce"},"content":{"rendered":"<section class='av_textblock_section av-m6kipdqr-eba2c703c5664b452dc8544679244c74 ' itemscope=\"itemscope\" itemtype=\"https:\/\/schema.org\/CreativeWork\" ><div class='avia_textblock' itemprop=\"text\" ><p><strong>Moutarde bio \u00e0 l&rsquo;abricot douce<\/strong>:<br \/>\nDes abricots bourgeons s\u00e9ch\u00e9s et m\u00fbris au soleil conf\u00e8rent \u00e0 cette moutarde son ar\u00f4me fruit\u00e9.<br \/>\nDoux et sucr\u00e9 &#8211; \u00e0 consommer \u00e9galement par les enfants.<br \/>\nL&rsquo;assaisonnement id\u00e9al pour le fromage, les viandes froides, la fondue chinoise ou bourguignonne \u00e0 la viande, les saucisses blanches et \u00e0 r\u00f4tir, le bouilli, les grillades, le canard et le gibier.<br \/>\nParfait \u00e9galement pour la sauce \u00e0 salade ou sur une tranche de pain (frais ou grill\u00e9).<br \/>\nD\u00e9licieux comme condiment pour le risotto. Voir la recette Landliebe printemps 2021. Demandez le fichier PDF.<\/p>\n<p>La moutarde bio \u00e0 l&rsquo;abricot douce de Zofingue r\u00e9pond \u00e0 toutes les exigences des r\u00e9gimes v\u00e9g\u00e9tariens et v\u00e9g\u00e9taliens. Ses jus ne sont pas filtr\u00e9s et il est \u00e9galement sans sucre.<br \/>\nLes amateurs de Slow Food y trouveront une moutarde moulue par leurs soins. C&rsquo;est-\u00e0-dire que le grain de moutarde entier est moulu pour cette moutarde.<\/p>\n<p>Ingr\u00e9dients : Jus de pomme, vinaigre de cidre, <strong>graines de moutarde<\/strong> jaunes, abricots secs (14%), sel des Alpes, \u00e9pices.<\/p>\n<p>Contenu : 150g<\/p>\n<p>CH-Bio-038<\/p>\n<p>incl. 2.6% de TVA<\/p>\n<p><strong>Valeurs nutritives pour 100 g<\/strong><\/p>\n<p>\u00c9nergie 673 kJ \/ 160 kcal<br \/>\nMati\u00e8re grasse 6.0 g<br \/>\ndont satur\u00e9s acides gras 0.3 g<br \/>\nGlucides 17,4 g<br \/>\ndont sucre (de fruits) 12.4 g<br \/>\nProt\u00e9ines 5,9 g<br \/>\nsel 1,2 g<\/p>\n<\/div><\/section>\n","protected":false},"excerpt":{"rendered":"<p>Des abricots bourgeons s\u00e9ch\u00e9s et m\u00fbris au soleil conf\u00e8rent \u00e0 cette moutarde son ar\u00f4me fruit\u00e9.<br \/>\nDoux et sucr\u00e9 &#8211; \u00e0 consommer \u00e9galement par les enfants.<\/p>\n<p>Des abricots valaisans m\u00fbris au soleil ont \u00e9t\u00e9 r\u00e9colt\u00e9s en 2016 et s\u00e9ch\u00e9s d\u00e9licatement par mes soins.<br \/>\nEn 2017, l&rsquo;abricot valaisan a \u00e9t\u00e9 victime du gel tardif.<\/p>\n<p>Bien entendu, je fabrique toutes mes moutardes avec de la moutarde bio fra\u00eechement moulue, c&rsquo;est-\u00e0-dire que j&rsquo;utilise la graine enti\u00e8re et PAS de farine de moutarde !<\/p>\n","protected":false},"featured_media":6278,"template":"","meta":[],"product_brand":[],"product_cat":[576],"product_tag":[535,619,728,538,552,556,557,537,706,731,722,631,632,633,634,635,729,730,536,575,546,549,573,542,548],"class_list":{"0":"post-4944","1":"product","2":"type-product","3":"status-publish","4":"has-post-thumbnail","6":"product_cat-moutardes-fruits-et-noix","7":"product_tag-aargauer-spezalitaet-fr","8":"product_tag-abricot","9":"product_tag-aprikosensenf-fr","10":"product_tag-bourgeon-fr","11":"product_tag-cadeau-fr","12":"product_tag-cadeau-pour-les-employes-fr","13":"product_tag-cadeau-pour-les-employes-fr-3","14":"product_tag-delikatesssenf-fr","15":"product_tag-idee-cadeau","16":"product_tag-knospe-senf-fr","17":"product_tag-knospesenf-fr","18":"product_tag-landliebe-fr","19":"product_tag-landliebe-rezept-fr","20":"product_tag-landliebe-senf-fr","21":"product_tag-landlieberezept-fr","22":"product_tag-landliebesenf-fr","23":"product_tag-moutarde-a-labricot-douce","24":"product_tag-moutarde-douce-a-labricot-bio","25":"product_tag-moutarde-fine-fr","26":"product_tag-moutarde-sans-sucre-fr","27":"product_tag-moutarde-bio-de-zofingue","28":"product_tag-zuckerfrei-fr","29":"product_tag-slow-food-fr","30":"product_tag-specialite-a-la-moutarde","31":"product_tag-specialite-de-zofingue","33":"first","34":"instock","35":"taxable","36":"shipping-taxable","37":"purchasable","38":"product-type-simple"},"yoast_head":"<!-- This site is optimized with the Yoast SEO plugin v27.1.1 - https:\/\/yoast.com\/product\/yoast-seo-wordpress\/ -->\n<title>Moutarde bio \u00e0 l&#039;abricot douce - Bio-Senf<\/title>\n<meta name=\"description\" content=\"Moutarde bio \u00e0 l&#039;abricot douce. Chez Bio-Senf, il existe plus de 25 vari\u00e9t\u00e9s de moutarde Bourgeon. A commander ici en ligne dans la boutique.\" \/>\n<meta name=\"robots\" content=\"index, follow, max-snippet:-1, max-image-preview:large, max-video-preview:-1\" \/>\n<link rel=\"canonical\" href=\"https:\/\/bio-senf.ch\/fr\/shop\/moutarde-bio-abricot-doux\/\" \/>\n<meta property=\"og:locale\" content=\"fr_FR\" \/>\n<meta property=\"og:type\" content=\"article\" \/>\n<meta property=\"og:title\" content=\"Moutarde bio \u00e0 l&#039;abricot douce - Bio-Senf\" \/>\n<meta property=\"og:description\" content=\"Moutarde bio \u00e0 l&#039;abricot douce. Chez Bio-Senf, il existe plus de 25 vari\u00e9t\u00e9s de moutarde Bourgeon. A commander ici en ligne dans la boutique.\" \/>\n<meta property=\"og:url\" content=\"https:\/\/bio-senf.ch\/fr\/shop\/moutarde-bio-abricot-doux\/\" \/>\n<meta property=\"og:site_name\" content=\"Bio-Senf\" \/>\n<meta property=\"article:modified_time\" content=\"2025-01-31T08:44:59+00:00\" \/>\n<meta property=\"og:image\" content=\"https:\/\/bio-senf.ch\/wp-content\/uploads\/20250129_142556-scaled-e1738313061623.jpg\" \/>\n\t<meta property=\"og:image:width\" content=\"1000\" \/>\n\t<meta property=\"og:image:height\" content=\"1333\" \/>\n\t<meta property=\"og:image:type\" content=\"image\/jpeg\" \/>\n<meta name=\"twitter:card\" content=\"summary_large_image\" \/>\n<meta name=\"twitter:label1\" content=\"Dur\u00e9e de lecture estim\u00e9e\" \/>\n\t<meta name=\"twitter:data1\" content=\"2 minutes\" \/>\n<script type=\"application\/ld+json\" class=\"yoast-schema-graph\">{\"@context\":\"https:\/\/schema.org\",\"@graph\":[{\"@type\":\"WebPage\",\"@id\":\"https:\/\/bio-senf.ch\/fr\/shop\/moutarde-bio-abricot-doux\/\",\"url\":\"https:\/\/bio-senf.ch\/fr\/shop\/moutarde-bio-abricot-doux\/\",\"name\":\"Moutarde bio \u00e0 l'abricot douce - Bio-Senf\",\"isPartOf\":{\"@id\":\"https:\/\/bio-senf.ch\/fr\/#website\"},\"primaryImageOfPage\":{\"@id\":\"https:\/\/bio-senf.ch\/fr\/shop\/moutarde-bio-abricot-doux\/#primaryimage\"},\"image\":{\"@id\":\"https:\/\/bio-senf.ch\/fr\/shop\/moutarde-bio-abricot-doux\/#primaryimage\"},\"thumbnailUrl\":\"https:\/\/bio-senf.ch\/wp-content\/uploads\/20250129_142556-scaled-e1738313061623.jpg\",\"datePublished\":\"2016-03-06T11:36:25+00:00\",\"dateModified\":\"2025-01-31T08:44:59+00:00\",\"description\":\"Moutarde bio \u00e0 l'abricot douce. Chez Bio-Senf, il existe plus de 25 vari\u00e9t\u00e9s de moutarde Bourgeon. A commander ici en ligne dans la boutique.\",\"breadcrumb\":{\"@id\":\"https:\/\/bio-senf.ch\/fr\/shop\/moutarde-bio-abricot-doux\/#breadcrumb\"},\"inLanguage\":\"fr-FR\",\"potentialAction\":[{\"@type\":\"ReadAction\",\"target\":[\"https:\/\/bio-senf.ch\/fr\/shop\/moutarde-bio-abricot-doux\/\"]}]},{\"@type\":\"ImageObject\",\"inLanguage\":\"fr-FR\",\"@id\":\"https:\/\/bio-senf.ch\/fr\/shop\/moutarde-bio-abricot-doux\/#primaryimage\",\"url\":\"https:\/\/bio-senf.ch\/wp-content\/uploads\/20250129_142556-scaled-e1738313061623.jpg\",\"contentUrl\":\"https:\/\/bio-senf.ch\/wp-content\/uploads\/20250129_142556-scaled-e1738313061623.jpg\",\"width\":1000,\"height\":1333,\"caption\":\"Moutarde bio \u00e0 l'apricot\"},{\"@type\":\"BreadcrumbList\",\"@id\":\"https:\/\/bio-senf.ch\/fr\/shop\/moutarde-bio-abricot-doux\/#breadcrumb\",\"itemListElement\":[{\"@type\":\"ListItem\",\"position\":1,\"name\":\"Startseite\",\"item\":\"https:\/\/bio-senf.ch\/fr\/\"},{\"@type\":\"ListItem\",\"position\":2,\"name\":\"Boutique\",\"item\":\"https:\/\/bio-senf.ch\/boutique\/?lang=fr\"},{\"@type\":\"ListItem\",\"position\":3,\"name\":\"Moutarde bio \u00e0 l&#8217;abricot douce\"}]},{\"@type\":\"WebSite\",\"@id\":\"https:\/\/bio-senf.ch\/fr\/#website\",\"url\":\"https:\/\/bio-senf.ch\/fr\/\",\"name\":\"Bio-Senf\",\"description\":\"Wir geben \u00fcberall unseren Senf dazu\",\"potentialAction\":[{\"@type\":\"SearchAction\",\"target\":{\"@type\":\"EntryPoint\",\"urlTemplate\":\"https:\/\/bio-senf.ch\/fr\/?s={search_term_string}\"},\"query-input\":{\"@type\":\"PropertyValueSpecification\",\"valueRequired\":true,\"valueName\":\"search_term_string\"}}],\"inLanguage\":\"fr-FR\"}]}<\/script>\n<!-- \/ Yoast SEO plugin. -->","yoast_head_json":{"title":"Moutarde bio \u00e0 l'abricot douce - Bio-Senf","description":"Moutarde bio \u00e0 l'abricot douce. Chez Bio-Senf, il existe plus de 25 vari\u00e9t\u00e9s de moutarde Bourgeon. A commander ici en ligne dans la boutique.","robots":{"index":"index","follow":"follow","max-snippet":"max-snippet:-1","max-image-preview":"max-image-preview:large","max-video-preview":"max-video-preview:-1"},"canonical":"https:\/\/bio-senf.ch\/fr\/shop\/moutarde-bio-abricot-doux\/","og_locale":"fr_FR","og_type":"article","og_title":"Moutarde bio \u00e0 l'abricot douce - Bio-Senf","og_description":"Moutarde bio \u00e0 l'abricot douce. Chez Bio-Senf, il existe plus de 25 vari\u00e9t\u00e9s de moutarde Bourgeon. A commander ici en ligne dans la boutique.","og_url":"https:\/\/bio-senf.ch\/fr\/shop\/moutarde-bio-abricot-doux\/","og_site_name":"Bio-Senf","article_modified_time":"2025-01-31T08:44:59+00:00","og_image":[{"width":1000,"height":1333,"url":"https:\/\/bio-senf.ch\/wp-content\/uploads\/20250129_142556-scaled-e1738313061623.jpg","type":"image\/jpeg"}],"twitter_card":"summary_large_image","twitter_misc":{"Dur\u00e9e de lecture estim\u00e9e":"2 minutes"},"schema":{"@context":"https:\/\/schema.org","@graph":[{"@type":"WebPage","@id":"https:\/\/bio-senf.ch\/fr\/shop\/moutarde-bio-abricot-doux\/","url":"https:\/\/bio-senf.ch\/fr\/shop\/moutarde-bio-abricot-doux\/","name":"Moutarde bio \u00e0 l'abricot douce - Bio-Senf","isPartOf":{"@id":"https:\/\/bio-senf.ch\/fr\/#website"},"primaryImageOfPage":{"@id":"https:\/\/bio-senf.ch\/fr\/shop\/moutarde-bio-abricot-doux\/#primaryimage"},"image":{"@id":"https:\/\/bio-senf.ch\/fr\/shop\/moutarde-bio-abricot-doux\/#primaryimage"},"thumbnailUrl":"https:\/\/bio-senf.ch\/wp-content\/uploads\/20250129_142556-scaled-e1738313061623.jpg","datePublished":"2016-03-06T11:36:25+00:00","dateModified":"2025-01-31T08:44:59+00:00","description":"Moutarde bio \u00e0 l'abricot douce. Chez Bio-Senf, il existe plus de 25 vari\u00e9t\u00e9s de moutarde Bourgeon. A commander ici en ligne dans la boutique.","breadcrumb":{"@id":"https:\/\/bio-senf.ch\/fr\/shop\/moutarde-bio-abricot-doux\/#breadcrumb"},"inLanguage":"fr-FR","potentialAction":[{"@type":"ReadAction","target":["https:\/\/bio-senf.ch\/fr\/shop\/moutarde-bio-abricot-doux\/"]}]},{"@type":"ImageObject","inLanguage":"fr-FR","@id":"https:\/\/bio-senf.ch\/fr\/shop\/moutarde-bio-abricot-doux\/#primaryimage","url":"https:\/\/bio-senf.ch\/wp-content\/uploads\/20250129_142556-scaled-e1738313061623.jpg","contentUrl":"https:\/\/bio-senf.ch\/wp-content\/uploads\/20250129_142556-scaled-e1738313061623.jpg","width":1000,"height":1333,"caption":"Moutarde bio \u00e0 l'apricot"},{"@type":"BreadcrumbList","@id":"https:\/\/bio-senf.ch\/fr\/shop\/moutarde-bio-abricot-doux\/#breadcrumb","itemListElement":[{"@type":"ListItem","position":1,"name":"Startseite","item":"https:\/\/bio-senf.ch\/fr\/"},{"@type":"ListItem","position":2,"name":"Boutique","item":"https:\/\/bio-senf.ch\/boutique\/?lang=fr"},{"@type":"ListItem","position":3,"name":"Moutarde bio \u00e0 l&#8217;abricot douce"}]},{"@type":"WebSite","@id":"https:\/\/bio-senf.ch\/fr\/#website","url":"https:\/\/bio-senf.ch\/fr\/","name":"Bio-Senf","description":"Wir geben \u00fcberall unseren Senf dazu","potentialAction":[{"@type":"SearchAction","target":{"@type":"EntryPoint","urlTemplate":"https:\/\/bio-senf.ch\/fr\/?s={search_term_string}"},"query-input":{"@type":"PropertyValueSpecification","valueRequired":true,"valueName":"search_term_string"}}],"inLanguage":"fr-FR"}]}},"_links":{"self":[{"href":"https:\/\/bio-senf.ch\/fr\/wp-json\/wp\/v2\/product\/4944","targetHints":{"allow":["GET"]}}],"collection":[{"href":"https:\/\/bio-senf.ch\/fr\/wp-json\/wp\/v2\/product"}],"about":[{"href":"https:\/\/bio-senf.ch\/fr\/wp-json\/wp\/v2\/types\/product"}],"wp:featuredmedia":[{"embeddable":true,"href":"https:\/\/bio-senf.ch\/fr\/wp-json\/wp\/v2\/media\/6278"}],"wp:attachment":[{"href":"https:\/\/bio-senf.ch\/fr\/wp-json\/wp\/v2\/media?parent=4944"}],"wp:term":[{"taxonomy":"product_brand","embeddable":true,"href":"https:\/\/bio-senf.ch\/fr\/wp-json\/wp\/v2\/product_brand?post=4944"},{"taxonomy":"product_cat","embeddable":true,"href":"https:\/\/bio-senf.ch\/fr\/wp-json\/wp\/v2\/product_cat?post=4944"},{"taxonomy":"product_tag","embeddable":true,"href":"https:\/\/bio-senf.ch\/fr\/wp-json\/wp\/v2\/product_tag?post=4944"}],"curies":[{"name":"wp","href":"https:\/\/api.w.org\/{rel}","templated":true}]}}