{"id":4943,"date":"2016-03-07T12:26:17","date_gmt":"2016-03-07T11:26:17","guid":{"rendered":"https:\/\/bio-senf.ch\/shop\/zofiger-bio-senf-aprikose-pikant\/"},"modified":"2025-01-31T09:40:23","modified_gmt":"2025-01-31T08:40:23","slug":"moutarde-bio-abricot-piquante","status":"publish","type":"product","link":"https:\/\/bio-senf.ch\/fr\/shop\/moutarde-bio-abricot-piquante\/","title":{"rendered":"Moutarde bio \u00e0 l&rsquo;abricot piquante"},"content":{"rendered":"<section class='av_textblock_section av-l5frpcve-d1d1373e658d84b4b53996bf248f79b2 ' itemscope=\"itemscope\" itemtype=\"https:\/\/schema.org\/CreativeWork\" ><div class='avia_textblock' itemprop=\"text\" ><p><strong>Moutarde bio \u00e0 l&rsquo;abricot piquante &#8211; tous les fans de cette sp\u00e9cialit\u00e9 de moutarde peuvent se r\u00e9jouir ! La moutarde est de nouveau disponible !<br \/>\n<\/strong><\/p>\n<p>Les abricots Bourgeon du Valais frais et m\u00fbris au soleil conf\u00e8rent \u00e0 cette moutarde son ar\u00f4me fruit\u00e9.<br \/>\nLe piquant peut \u00eatre appr\u00e9ci\u00e9 par tous. Elle est obtenue uniquement gr\u00e2ce au m\u00e9lange de moutarde fine !<\/p>\n<p>L&rsquo;assaisonnement id\u00e9al pour le fromage, les viandes froides, la fondue chinoise ou bourguignonne \u00e0 la viande, le bouilli, les saucisses blanches et \u00e0 r\u00f4tir, les grillades, le canard et le gibier.<br \/>\nParfait \u00e9galement pour la sauce \u00e0 salade ou sur une tranche de pain (frais ou grill\u00e9).<br \/>\nD\u00e9licieux aussi comme condiment pour le risotto ou la pur\u00e9e de pommes de terre.<\/p>\n<p>La moutarde bio \u00e0 l&rsquo;abricot piquante de Zofingue r\u00e9pond \u00e0 toutes les exigences des r\u00e9gimes v\u00e9g\u00e9tariens et v\u00e9g\u00e9taliens. Ses jus ne sont pas filtr\u00e9s et il est \u00e9galement sans sucre.<br \/>\nLes amateurs de Slow Food y trouveront une moutarde moulue par leurs soins. C&rsquo;est-\u00e0-dire que le grain de moutarde entier est moulu avec tous les autres ingr\u00e9dients dans le moulin \u00e0 pierre.<\/p>\n<p>Ingr\u00e9dients : 43% d&rsquo;abricots frais du Valais, vinaigre de cidre, <strong>graines de moutarde<\/strong> jaune + brune, jus de poire, sel des Alpes, poivre + curcuma<\/p>\n<p>Contenu : 150 g<\/p>\n<p>CH-Bio-038<\/p>\n<p>Incl. 2.6% de TVA<\/p>\n<p>Des abricots valaisans m\u00fbris au soleil ont \u00e9t\u00e9 r\u00e9colt\u00e9s et s\u00e9ch\u00e9s d\u00e9licatement par mes soins.<\/p>\n<p><strong>Valeurs nutritives pour 100 g<\/strong><\/p>\n<p>\u00c9nergie 630 kJ \/ 150 kcal<br \/>\nMati\u00e8re grasse 6,19 g<br \/>\ndont satur\u00e9s acides gras 0.3 g<br \/>\nGlucides 11,9 g<br \/>\ndont sucre (de fruits) 6.8 g<br \/>\nProt\u00e9ines 6,3 g<br \/>\nsel 1,7 g<\/p>\n<p><span style=\"color: #ff0000;\">R\u00c9COMPENSES<\/span><br \/>\n<span style=\"color: #00ff00;\">Concours BIO SUISSE : Bourgeon Gourmet : 2017 &#8211; Note 6<\/span><br \/>\nConcours suisse des produits du terroir 2017 : m\u00e9daille de bronze<br \/>\n<span style=\"color: #00ff00;\">Concours BIO SUISSE : Bourgeon Gourmet : 2014<\/span><\/p>\n<\/div><\/section>\n","protected":false},"excerpt":{"rendered":"<p>Moutarde bio \u00e0 l&rsquo;abricot Zofiger piquante : avec son piquant subtil, elle fond agr\u00e9ablement sur la langue. Pour l&rsquo;assaisonnement, c&rsquo;est parfait.<\/p>\n<p>Le pr\u00e9curseur de cette moutarde a \u00e9t\u00e9 r\u00e9compens\u00e9 par le Bourgeon BioGourmet en 2014 et 2017.<\/p>\n","protected":false},"featured_media":6280,"template":"","meta":[],"product_brand":[],"product_cat":[576,560],"product_tag":[535,619,538,552,556,557,537,706,727,536,575,546,549,573,542,548,543,608],"class_list":{"0":"post-4943","1":"product","2":"type-product","3":"status-publish","4":"has-post-thumbnail","6":"product_cat-moutardes-fruits-et-noix","7":"product_cat-prix-du-concours","8":"product_tag-aargauer-spezalitaet-fr","9":"product_tag-abricot","10":"product_tag-bourgeon-fr","11":"product_tag-cadeau-fr","12":"product_tag-cadeau-pour-les-employes-fr","13":"product_tag-cadeau-pour-les-employes-fr-3","14":"product_tag-delikatesssenf-fr","15":"product_tag-idee-cadeau","16":"product_tag-moutarde-a-labricot-piquant","17":"product_tag-moutarde-fine-fr","18":"product_tag-moutarde-sans-sucre-fr","19":"product_tag-moutarde-bio-de-zofingue","20":"product_tag-zuckerfrei-fr","21":"product_tag-slow-food-fr","22":"product_tag-specialite-a-la-moutarde","23":"product_tag-specialite-de-zofingue","24":"product_tag-vegane","25":"product_tag-vegetariens-fr-2","27":"first","28":"instock","29":"taxable","30":"shipping-taxable","31":"purchasable","32":"product-type-simple"},"yoast_head":"<!-- This site is optimized with the Yoast SEO plugin v27.1.1 - https:\/\/yoast.com\/product\/yoast-seo-wordpress\/ -->\n<title>Moutarde bio \u00e0 l&#039;abricot piquante - Bio-Senf<\/title>\n<meta name=\"description\" content=\"Moutarde bio \u00e0 l&#039;abricot piquante. La plus ancienne vari\u00e9t\u00e9 de moutarde dans l&#039;assortiment. A commander au boutique.\" \/>\n<meta name=\"robots\" content=\"index, follow, max-snippet:-1, max-image-preview:large, max-video-preview:-1\" \/>\n<link rel=\"canonical\" href=\"https:\/\/bio-senf.ch\/fr\/shop\/moutarde-bio-abricot-piquante\/\" \/>\n<meta property=\"og:locale\" content=\"fr_FR\" \/>\n<meta property=\"og:type\" content=\"article\" \/>\n<meta property=\"og:title\" content=\"Moutarde bio \u00e0 l&#039;abricot piquante - Bio-Senf\" \/>\n<meta property=\"og:description\" content=\"Moutarde bio \u00e0 l&#039;abricot piquante. La plus ancienne vari\u00e9t\u00e9 de moutarde dans l&#039;assortiment. A commander au boutique.\" \/>\n<meta property=\"og:url\" content=\"https:\/\/bio-senf.ch\/fr\/shop\/moutarde-bio-abricot-piquante\/\" \/>\n<meta property=\"og:site_name\" content=\"Bio-Senf\" \/>\n<meta property=\"article:modified_time\" content=\"2025-01-31T08:40:23+00:00\" \/>\n<meta property=\"og:image\" content=\"https:\/\/bio-senf.ch\/wp-content\/uploads\/20250129_142647-scaled-e1738312775326.jpg\" \/>\n\t<meta property=\"og:image:width\" content=\"1000\" \/>\n\t<meta property=\"og:image:height\" content=\"1333\" \/>\n\t<meta property=\"og:image:type\" content=\"image\/jpeg\" \/>\n<meta name=\"twitter:card\" content=\"summary_large_image\" \/>\n<meta name=\"twitter:label1\" content=\"Dur\u00e9e de lecture estim\u00e9e\" \/>\n\t<meta name=\"twitter:data1\" content=\"2 minutes\" \/>\n<script type=\"application\/ld+json\" class=\"yoast-schema-graph\">{\"@context\":\"https:\/\/schema.org\",\"@graph\":[{\"@type\":\"WebPage\",\"@id\":\"https:\/\/bio-senf.ch\/fr\/shop\/moutarde-bio-abricot-piquante\/\",\"url\":\"https:\/\/bio-senf.ch\/fr\/shop\/moutarde-bio-abricot-piquante\/\",\"name\":\"Moutarde bio \u00e0 l'abricot piquante - Bio-Senf\",\"isPartOf\":{\"@id\":\"https:\/\/bio-senf.ch\/fr\/#website\"},\"primaryImageOfPage\":{\"@id\":\"https:\/\/bio-senf.ch\/fr\/shop\/moutarde-bio-abricot-piquante\/#primaryimage\"},\"image\":{\"@id\":\"https:\/\/bio-senf.ch\/fr\/shop\/moutarde-bio-abricot-piquante\/#primaryimage\"},\"thumbnailUrl\":\"https:\/\/bio-senf.ch\/wp-content\/uploads\/20250129_142647-scaled-e1738312775326.jpg\",\"datePublished\":\"2016-03-07T11:26:17+00:00\",\"dateModified\":\"2025-01-31T08:40:23+00:00\",\"description\":\"Moutarde bio \u00e0 l'abricot piquante. La plus ancienne vari\u00e9t\u00e9 de moutarde dans l'assortiment. A commander au boutique.\",\"breadcrumb\":{\"@id\":\"https:\/\/bio-senf.ch\/fr\/shop\/moutarde-bio-abricot-piquante\/#breadcrumb\"},\"inLanguage\":\"fr-FR\",\"potentialAction\":[{\"@type\":\"ReadAction\",\"target\":[\"https:\/\/bio-senf.ch\/fr\/shop\/moutarde-bio-abricot-piquante\/\"]}]},{\"@type\":\"ImageObject\",\"inLanguage\":\"fr-FR\",\"@id\":\"https:\/\/bio-senf.ch\/fr\/shop\/moutarde-bio-abricot-piquante\/#primaryimage\",\"url\":\"https:\/\/bio-senf.ch\/wp-content\/uploads\/20250129_142647-scaled-e1738312775326.jpg\",\"contentUrl\":\"https:\/\/bio-senf.ch\/wp-content\/uploads\/20250129_142647-scaled-e1738312775326.jpg\",\"width\":1000,\"height\":1333,\"caption\":\"Moutarde bio \u00e0 l'apricot piquante\"},{\"@type\":\"BreadcrumbList\",\"@id\":\"https:\/\/bio-senf.ch\/fr\/shop\/moutarde-bio-abricot-piquante\/#breadcrumb\",\"itemListElement\":[{\"@type\":\"ListItem\",\"position\":1,\"name\":\"Startseite\",\"item\":\"https:\/\/bio-senf.ch\/fr\/\"},{\"@type\":\"ListItem\",\"position\":2,\"name\":\"Boutique\",\"item\":\"https:\/\/bio-senf.ch\/boutique\/?lang=fr\"},{\"@type\":\"ListItem\",\"position\":3,\"name\":\"Moutarde bio \u00e0 l&#8217;abricot piquante\"}]},{\"@type\":\"WebSite\",\"@id\":\"https:\/\/bio-senf.ch\/fr\/#website\",\"url\":\"https:\/\/bio-senf.ch\/fr\/\",\"name\":\"Bio-Senf\",\"description\":\"Wir geben \u00fcberall unseren Senf dazu\",\"potentialAction\":[{\"@type\":\"SearchAction\",\"target\":{\"@type\":\"EntryPoint\",\"urlTemplate\":\"https:\/\/bio-senf.ch\/fr\/?s={search_term_string}\"},\"query-input\":{\"@type\":\"PropertyValueSpecification\",\"valueRequired\":true,\"valueName\":\"search_term_string\"}}],\"inLanguage\":\"fr-FR\"}]}<\/script>\n<!-- \/ Yoast SEO plugin. -->","yoast_head_json":{"title":"Moutarde bio \u00e0 l'abricot piquante - Bio-Senf","description":"Moutarde bio \u00e0 l'abricot piquante. La plus ancienne vari\u00e9t\u00e9 de moutarde dans l'assortiment. A commander au boutique.","robots":{"index":"index","follow":"follow","max-snippet":"max-snippet:-1","max-image-preview":"max-image-preview:large","max-video-preview":"max-video-preview:-1"},"canonical":"https:\/\/bio-senf.ch\/fr\/shop\/moutarde-bio-abricot-piquante\/","og_locale":"fr_FR","og_type":"article","og_title":"Moutarde bio \u00e0 l'abricot piquante - Bio-Senf","og_description":"Moutarde bio \u00e0 l'abricot piquante. La plus ancienne vari\u00e9t\u00e9 de moutarde dans l'assortiment. A commander au boutique.","og_url":"https:\/\/bio-senf.ch\/fr\/shop\/moutarde-bio-abricot-piquante\/","og_site_name":"Bio-Senf","article_modified_time":"2025-01-31T08:40:23+00:00","og_image":[{"width":1000,"height":1333,"url":"https:\/\/bio-senf.ch\/wp-content\/uploads\/20250129_142647-scaled-e1738312775326.jpg","type":"image\/jpeg"}],"twitter_card":"summary_large_image","twitter_misc":{"Dur\u00e9e de lecture estim\u00e9e":"2 minutes"},"schema":{"@context":"https:\/\/schema.org","@graph":[{"@type":"WebPage","@id":"https:\/\/bio-senf.ch\/fr\/shop\/moutarde-bio-abricot-piquante\/","url":"https:\/\/bio-senf.ch\/fr\/shop\/moutarde-bio-abricot-piquante\/","name":"Moutarde bio \u00e0 l'abricot piquante - Bio-Senf","isPartOf":{"@id":"https:\/\/bio-senf.ch\/fr\/#website"},"primaryImageOfPage":{"@id":"https:\/\/bio-senf.ch\/fr\/shop\/moutarde-bio-abricot-piquante\/#primaryimage"},"image":{"@id":"https:\/\/bio-senf.ch\/fr\/shop\/moutarde-bio-abricot-piquante\/#primaryimage"},"thumbnailUrl":"https:\/\/bio-senf.ch\/wp-content\/uploads\/20250129_142647-scaled-e1738312775326.jpg","datePublished":"2016-03-07T11:26:17+00:00","dateModified":"2025-01-31T08:40:23+00:00","description":"Moutarde bio \u00e0 l'abricot piquante. La plus ancienne vari\u00e9t\u00e9 de moutarde dans l'assortiment. A commander au boutique.","breadcrumb":{"@id":"https:\/\/bio-senf.ch\/fr\/shop\/moutarde-bio-abricot-piquante\/#breadcrumb"},"inLanguage":"fr-FR","potentialAction":[{"@type":"ReadAction","target":["https:\/\/bio-senf.ch\/fr\/shop\/moutarde-bio-abricot-piquante\/"]}]},{"@type":"ImageObject","inLanguage":"fr-FR","@id":"https:\/\/bio-senf.ch\/fr\/shop\/moutarde-bio-abricot-piquante\/#primaryimage","url":"https:\/\/bio-senf.ch\/wp-content\/uploads\/20250129_142647-scaled-e1738312775326.jpg","contentUrl":"https:\/\/bio-senf.ch\/wp-content\/uploads\/20250129_142647-scaled-e1738312775326.jpg","width":1000,"height":1333,"caption":"Moutarde bio \u00e0 l'apricot piquante"},{"@type":"BreadcrumbList","@id":"https:\/\/bio-senf.ch\/fr\/shop\/moutarde-bio-abricot-piquante\/#breadcrumb","itemListElement":[{"@type":"ListItem","position":1,"name":"Startseite","item":"https:\/\/bio-senf.ch\/fr\/"},{"@type":"ListItem","position":2,"name":"Boutique","item":"https:\/\/bio-senf.ch\/boutique\/?lang=fr"},{"@type":"ListItem","position":3,"name":"Moutarde bio \u00e0 l&#8217;abricot piquante"}]},{"@type":"WebSite","@id":"https:\/\/bio-senf.ch\/fr\/#website","url":"https:\/\/bio-senf.ch\/fr\/","name":"Bio-Senf","description":"Wir geben \u00fcberall unseren Senf dazu","potentialAction":[{"@type":"SearchAction","target":{"@type":"EntryPoint","urlTemplate":"https:\/\/bio-senf.ch\/fr\/?s={search_term_string}"},"query-input":{"@type":"PropertyValueSpecification","valueRequired":true,"valueName":"search_term_string"}}],"inLanguage":"fr-FR"}]}},"_links":{"self":[{"href":"https:\/\/bio-senf.ch\/fr\/wp-json\/wp\/v2\/product\/4943","targetHints":{"allow":["GET"]}}],"collection":[{"href":"https:\/\/bio-senf.ch\/fr\/wp-json\/wp\/v2\/product"}],"about":[{"href":"https:\/\/bio-senf.ch\/fr\/wp-json\/wp\/v2\/types\/product"}],"wp:featuredmedia":[{"embeddable":true,"href":"https:\/\/bio-senf.ch\/fr\/wp-json\/wp\/v2\/media\/6280"}],"wp:attachment":[{"href":"https:\/\/bio-senf.ch\/fr\/wp-json\/wp\/v2\/media?parent=4943"}],"wp:term":[{"taxonomy":"product_brand","embeddable":true,"href":"https:\/\/bio-senf.ch\/fr\/wp-json\/wp\/v2\/product_brand?post=4943"},{"taxonomy":"product_cat","embeddable":true,"href":"https:\/\/bio-senf.ch\/fr\/wp-json\/wp\/v2\/product_cat?post=4943"},{"taxonomy":"product_tag","embeddable":true,"href":"https:\/\/bio-senf.ch\/fr\/wp-json\/wp\/v2\/product_tag?post=4943"}],"curies":[{"name":"wp","href":"https:\/\/api.w.org\/{rel}","templated":true}]}}