{"id":4956,"date":"2022-08-02T09:26:31","date_gmt":"2022-08-02T07:26:31","guid":{"rendered":"https:\/\/bio-senf.ch\/histoire\/"},"modified":"2022-08-02T09:26:35","modified_gmt":"2022-08-02T07:26:35","slug":"histoire","status":"publish","type":"page","link":"https:\/\/bio-senf.ch\/fr\/histoire\/","title":{"rendered":"Histoire"},"content":{"rendered":"\n<style type=\"text\/css\" data-created_by=\"avia_inline_auto\" id=\"style-css-av-jojg-c8ab8e00a424d8e51c0b6a4ec1c0be80\">\n.flex_column.av-jojg-c8ab8e00a424d8e51c0b6a4ec1c0be80{\nborder-radius:0px 0px 0px 0px;\npadding:0px 0px 0px 0px;\n}\n<\/style>\n<div class='flex_column av-jojg-c8ab8e00a424d8e51c0b6a4ec1c0be80 av_one_full avia-builder-el-0 el_before_av_textblock avia-builder-el-first first flex_column_div av-zero-column-padding ' ><style type=\"text\/css\" data-created_by=\"avia_inline_auto\" id=\"style-css-av-ja0o-7a8734ec4ff4a5e28f96d8b84180157e\">\n#top .av-special-heading.av-ja0o-7a8734ec4ff4a5e28f96d8b84180157e{\npadding-bottom:10px;\n}\nbody .av-special-heading.av-ja0o-7a8734ec4ff4a5e28f96d8b84180157e .av-special-heading-tag .heading-char{\nfont-size:25px;\n}\n.av-special-heading.av-ja0o-7a8734ec4ff4a5e28f96d8b84180157e .av-subheading{\nfont-size:15px;\n}\n<\/style>\n<div id='fd58ab25dfdc6cd8465cefdde2c43d64' class='av-special-heading av-ja0o-7a8734ec4ff4a5e28f96d8b84180157e av-special-heading-h2 avia-builder-el-1 avia-builder-el-no-sibling '><h2 class='av-special-heading-tag ' itemprop=\"headline\" >Histoire<\/h2><div class=\"special-heading-border\"><div class=\"special-heading-inner-border\"><\/div><\/div><\/div><\/div>\n<section class='av_textblock_section av-g55m-f447b0e0699945b2ffc1cf2be18fec0c ' itemscope=\"itemscope\" itemtype=\"https:\/\/schema.org\/CreativeWork\" ><div class='avia_textblock' itemprop=\"text\" ><p>1998 begann ich, selbst gemachten Senf zu produzieren. In der Verwandtschaft und Bekanntschaft waren meine Senfgl\u00e4ser beliebte Gastgeschenke. Von diesen Personen ermutigt, belieferte ich verschiedene Detailh\u00e4ndler.<\/p>\n<p>Nach meinem Umzug nach Zofingen erweiterte sich mein Angebot auf \u00fcber zehn Sorten. Die erste Zeit konnte man die Senfgl\u00e4ser im Huus 4 (Kaffee und Geschenke) beziehen. Die ersten Kunden fragten nach Spezialsorten, die ich nach kurzer Zeit in mein Programm aufnahm. Danach kam auch die Metzgerei Lerch dazu und einige andere Wiederverk\u00e4ufer.<\/p>\n<\/div><\/section>\n\n<style type=\"text\/css\" data-created_by=\"avia_inline_auto\" id=\"style-css-av-ds2a-6644129f404c36bc697796063f116748\">\n.flex_column.av-ds2a-6644129f404c36bc697796063f116748{\nborder-radius:0px 0px 0px 0px;\npadding:0px 0px 0px 0px;\n}\n<\/style>\n<div class='flex_column av-ds2a-6644129f404c36bc697796063f116748 av_one_half avia-builder-el-3 el_after_av_textblock el_before_av_one_half first flex_column_div av-zero-column-padding column-top-margin' ><section class='av_textblock_section av-cito-a23d02b148b72db7c6504907a2775070 ' itemscope=\"itemscope\" itemtype=\"https:\/\/schema.org\/CreativeWork\" ><div class='avia_textblock' itemprop=\"text\" ><p>Depuis 2012, je suis pr\u00e9sent avec mes moutardes sur le march\u00e9 du samedi de Zofingue. Au bout d&rsquo;un certain temps, des clientes ont demand\u00e9 de la moutarde bio. Ce d\u00e9fi \u00e9tait plus important que le d\u00e9veloppement de nouvelles vari\u00e9t\u00e9s. En effet, tous les aliments bio qui entrent dans la composition de ma moutarde bio doivent provenir de producteurs qui sont \u00e9galement certifi\u00e9s Bourgeon.<\/p>\n<\/div><\/section><\/div>\n<style type=\"text\/css\" data-created_by=\"avia_inline_auto\" id=\"style-css-av-9bp8-c3f6a16b11ad92592f89c2bf8697bb5d\">\n.flex_column.av-9bp8-c3f6a16b11ad92592f89c2bf8697bb5d{\nborder-radius:0px 0px 0px 0px;\npadding:0px 0px 0px 0px;\n}\n<\/style>\n<div class='flex_column av-9bp8-c3f6a16b11ad92592f89c2bf8697bb5d av_one_half avia-builder-el-5 el_after_av_one_half el_before_av_one_full flex_column_div av-zero-column-padding column-top-margin' ><style type=\"text\/css\" data-created_by=\"avia_inline_auto\" id=\"style-css-av-75bu-9ad8e0449a1a715bafeb140de745bdb1\">\n.avia-image-container.av-75bu-9ad8e0449a1a715bafeb140de745bdb1 img.avia_image{\nbox-shadow:none;\n}\n.avia-image-container.av-75bu-9ad8e0449a1a715bafeb140de745bdb1 .av-image-caption-overlay-center{\ncolor:#ffffff;\n}\n<\/style>\n<div class='avia-image-container av-75bu-9ad8e0449a1a715bafeb140de745bdb1 av-styling- avia-align-center avia-builder-el-6 avia-builder-el-no-sibling ' itemprop=\"image\" itemscope=\"itemscope\" itemtype=\"https:\/\/schema.org\/ImageObject\" ><div class=\"avia-image-container-inner\"><div class=\"avia-image-overlay-wrap\"><img decoding=\"async\" fetchpriority=\"high\" class='wp-image-4802 avia-img-lazy-loading-not-4802 avia_image ' src=\"https:\/\/bio-senf.ch\/wp-content\/uploads\/DSC1141-c-300x199.jpg\" alt='' title='Zofiger Bio-Senf Biomarche 2014' height=\"199\" width=\"300\" itemprop=\"thumbnailUrl\" srcset=\"https:\/\/bio-senf.ch\/wp-content\/uploads\/DSC1141-c-300x199.jpg 300w, https:\/\/bio-senf.ch\/wp-content\/uploads\/DSC1141-c-768x510.jpg 768w, https:\/\/bio-senf.ch\/wp-content\/uploads\/DSC1141-c-148x98.jpg 148w, https:\/\/bio-senf.ch\/wp-content\/uploads\/DSC1141-c-31x21.jpg 31w, https:\/\/bio-senf.ch\/wp-content\/uploads\/DSC1141-c-38x25.jpg 38w, https:\/\/bio-senf.ch\/wp-content\/uploads\/DSC1141-c-324x215.jpg 324w, https:\/\/bio-senf.ch\/wp-content\/uploads\/DSC1141-c-705x468.jpg 705w, https:\/\/bio-senf.ch\/wp-content\/uploads\/DSC1141-c-450x299.jpg 450w, https:\/\/bio-senf.ch\/wp-content\/uploads\/DSC1141-c.jpg 800w\" sizes=\"(max-width: 300px) 100vw, 300px\" \/><\/div><\/div><\/div><\/div><\/p>\n\n<style type=\"text\/css\" data-created_by=\"avia_inline_auto\" id=\"style-css-av-5ijg-2ad04338368f57acd05f15b3df53f724\">\n.flex_column.av-5ijg-2ad04338368f57acd05f15b3df53f724{\nborder-radius:0px 0px 0px 0px;\npadding:0px 0px 0px 0px;\n}\n<\/style>\n<div class='flex_column av-5ijg-2ad04338368f57acd05f15b3df53f724 av_one_full avia-builder-el-7 el_after_av_one_half avia-builder-el-last first flex_column_div av-zero-column-padding column-top-margin' ><section class='av_textblock_section av-334i-51022641f7f6bdde2bc31fa5d3e70869 ' itemscope=\"itemscope\" itemtype=\"https:\/\/schema.org\/CreativeWork\" ><div class='avia_textblock' itemprop=\"text\" ><p>Die Bio Test Agro AG f\u00fchrte mich durch die Bio, bzw. Knospe Zertifizierung. Seit dem <strong>23.01.2014 <\/strong>darf ich meine verschiedenen <strong>Bio-Senfe <\/strong>mit der <strong>Knospe<\/strong> <strong>auszeichnen<\/strong>!<\/p>\n<p>Heute kann ich Ihnen <strong>\u00fcber 25 Sorten<\/strong> anbieten. Alle Sorten werden in kleinen Portionen in unseren R\u00e4umlichkeiten hergestellt. Seit Januar 2019 werden alle Senfe auf der 700kg Granit-Steinm\u00fchle gemahlen.<br \/>\nAlle Rezepte unterliegen strengen Qualit\u00e4tsnormen der Zertifizierungsstelle, von Bio Suisse und nat\u00fcrlich den gesetzlichen Vorschriften.<\/p>\n<table style=\"width: 861.8px;\">\n<tbody>\n<tr>\n<td style=\"width: 641px;\">Alle drei Jahre f\u00fchrt die BIO SUISSE einen speziellen Wettbewerb f\u00fcr ausgezeichnete Bio-Produkte durch.<br \/>\nWir Produzenten lassen ausgew\u00e4hlte Produkte von geschulten Lebensmittel-Sensorikern auf ihre Qualit\u00e4t pr\u00fcfen. Wenn diese Jury die Produkte mit der Note 5 bis 6 bewertet, d\u00fcrfen die Produkte die BIOGOURMET Knospe tragen.<br \/>\nIm 2014 wurde mein Senf &lsquo;Zofiger Manufaktur Aprikose pikant&rsquo; damit ausgezeichnet.<br \/>\nIm 2017 mit neuem Rezept wieder der gleiche Senf und zus\u00e4tzlich die Senfe &lsquo;Alpenkr\u00e4uter&rsquo; und &lsquo;Meerrettich&rsquo;.<\/td>\n<td style=\"width: 194.8px;\"><a href=\"https:\/\/bio-senf.ch\/wp-content\/uploads\/Bio-Gourmet-Knospe-2017.jpg\"><img loading=\"lazy\" decoding=\"async\" class=\"alignnone wp-image-2255\" src=\"https:\/\/bio-senf.ch\/wp-content\/uploads\/Bio-Gourmet-Knospe-2017-300x300.jpg\" alt=\"\" width=\"187\" height=\"187\" srcset=\"https:\/\/bio-senf.ch\/wp-content\/uploads\/Bio-Gourmet-Knospe-2017-300x300.jpg 300w, https:\/\/bio-senf.ch\/wp-content\/uploads\/Bio-Gourmet-Knospe-2017-80x80.jpg 80w, https:\/\/bio-senf.ch\/wp-content\/uploads\/Bio-Gourmet-Knospe-2017-36x36.jpg 36w, https:\/\/bio-senf.ch\/wp-content\/uploads\/Bio-Gourmet-Knospe-2017-180x180.jpg 180w, https:\/\/bio-senf.ch\/wp-content\/uploads\/Bio-Gourmet-Knospe-2017-120x120.jpg 120w, https:\/\/bio-senf.ch\/wp-content\/uploads\/Bio-Gourmet-Knospe-2017-450x450.jpg 450w, https:\/\/bio-senf.ch\/wp-content\/uploads\/Bio-Gourmet-Knospe-2017.jpg 501w\" sizes=\"auto, (max-width: 187px) 100vw, 187px\" \/><\/a><\/td>\n<\/tr>\n<\/tbody>\n<\/table>\n<p>Seit Juni 2017 werden <strong>ALLE Sorten ohne Kristallzucker-Zusatz<\/strong> hergestellt!<\/p>\n<p>Das, was bei den restlichen Bio-Senfen s\u00fcss erscheint, wird mit Fruchts\u00e4ften oder Bienenhonig ges\u00fcsst.<br \/>\nFreuen d\u00fcrfen sich Diabetiker, denn einige Zofiger Bio-Senf Variationen sind ganz ohne Zucker, bzw. zuckerhaltige Lebensmittel und darum f\u00fcr Diabetiker bestens geeignet.<br \/>\nMeine Senfe, die mit Apfel- oder Birnenessig hergestellt sind, sahen nie einen Gelatine-Filter! Sie sind somit auch f\u00fcr Veganer und einige Senf-Sorten f\u00fcr Freunde der Rohkost geeignet.<br \/>\nDer Hagebuttensenf ist der einzige Senf, der noch keine Bio Knospe tr\u00e4gt. Die Hagebutten werden wild gesammelt und k\u00f6nnen darum nicht zertifiziert werden.<\/p>\n<p>Alle Senfe sind mindestens ein Jahr haltbar. Die Senfsch\u00e4rfe nimmt mit der Zeit ab.<\/p>\n<p>Alle meine Produkte finden Sie im <a href=\"http:\/\/bio-senf.ch\/produkte-seite\/\">Online-Shop<\/a>, auf meiner Produkteliste oder auf dem Genussmarkt am Samstag in und um die Zofinger Markthalle und bei verschiedenen Hofl\u00e4den und Detailh\u00e4ndlern in der ganzen Schweiz (siehe auch in der Rubrik \u00ab <a href=\"http:\/\/2016.bio-senf.ch\/verkaufsorte\">Verkaufsorte<\/a>\u00ab ).<\/p>\n<\/div><\/section><\/div>\n","protected":false},"excerpt":{"rendered":"","protected":false},"author":3,"featured_media":4802,"parent":0,"menu_order":0,"comment_status":"closed","ping_status":"closed","template":"","meta":{"footnotes":""},"class_list":["post-4956","page","type-page","status-publish","has-post-thumbnail","hentry"],"yoast_head":"<!-- This site is optimized with the Yoast SEO plugin v27.1.1 - https:\/\/yoast.com\/product\/yoast-seo-wordpress\/ -->\n<title>Histoire - Bio-Senf<\/title>\n<meta name=\"description\" content=\"La moutarde bio et comment tout a commenc\u00e9 L&#039;histoire de et sur la moutarde bio. Plus de 25 vari\u00e9t\u00e9s et distingu\u00e9es par le Bourgeon.\" \/>\n<meta name=\"robots\" content=\"index, follow, max-snippet:-1, max-image-preview:large, max-video-preview:-1\" \/>\n<link rel=\"canonical\" href=\"https:\/\/bio-senf.ch\/fr\/histoire\/\" \/>\n<meta property=\"og:locale\" content=\"fr_FR\" \/>\n<meta property=\"og:type\" content=\"article\" \/>\n<meta property=\"og:title\" content=\"Histoire - Bio-Senf\" \/>\n<meta property=\"og:description\" content=\"La moutarde bio et comment tout a commenc\u00e9 L&#039;histoire de et sur la moutarde bio. Plus de 25 vari\u00e9t\u00e9s et distingu\u00e9es par le Bourgeon.\" \/>\n<meta property=\"og:url\" content=\"https:\/\/bio-senf.ch\/fr\/histoire\/\" \/>\n<meta property=\"og:site_name\" content=\"Bio-Senf\" \/>\n<meta property=\"article:modified_time\" content=\"2022-08-02T07:26:35+00:00\" \/>\n<meta property=\"og:image\" content=\"https:\/\/bio-senf.ch\/wp-content\/uploads\/DSC1141-c.jpg\" \/>\n\t<meta property=\"og:image:width\" content=\"800\" \/>\n\t<meta property=\"og:image:height\" content=\"531\" \/>\n\t<meta property=\"og:image:type\" content=\"image\/jpeg\" \/>\n<meta name=\"twitter:card\" content=\"summary_large_image\" \/>\n<meta name=\"twitter:label1\" content=\"Dur\u00e9e de lecture estim\u00e9e\" \/>\n\t<meta name=\"twitter:data1\" content=\"4 minutes\" \/>\n<script type=\"application\/ld+json\" class=\"yoast-schema-graph\">{\"@context\":\"https:\/\/schema.org\",\"@graph\":[{\"@type\":\"WebPage\",\"@id\":\"https:\/\/bio-senf.ch\/fr\/histoire\/\",\"url\":\"https:\/\/bio-senf.ch\/fr\/histoire\/\",\"name\":\"Histoire - Bio-Senf\",\"isPartOf\":{\"@id\":\"https:\/\/bio-senf.ch\/fr\/#website\"},\"primaryImageOfPage\":{\"@id\":\"https:\/\/bio-senf.ch\/fr\/histoire\/#primaryimage\"},\"image\":{\"@id\":\"https:\/\/bio-senf.ch\/fr\/histoire\/#primaryimage\"},\"thumbnailUrl\":\"https:\/\/bio-senf.ch\/wp-content\/uploads\/DSC1141-c.jpg\",\"datePublished\":\"2022-08-02T07:26:31+00:00\",\"dateModified\":\"2022-08-02T07:26:35+00:00\",\"description\":\"La moutarde bio et comment tout a commenc\u00e9 L'histoire de et sur la moutarde bio. Plus de 25 vari\u00e9t\u00e9s et distingu\u00e9es par le Bourgeon.\",\"breadcrumb\":{\"@id\":\"https:\/\/bio-senf.ch\/fr\/histoire\/#breadcrumb\"},\"inLanguage\":\"fr-FR\",\"potentialAction\":[{\"@type\":\"ReadAction\",\"target\":[\"https:\/\/bio-senf.ch\/fr\/histoire\/\"]}]},{\"@type\":\"ImageObject\",\"inLanguage\":\"fr-FR\",\"@id\":\"https:\/\/bio-senf.ch\/fr\/histoire\/#primaryimage\",\"url\":\"https:\/\/bio-senf.ch\/wp-content\/uploads\/DSC1141-c.jpg\",\"contentUrl\":\"https:\/\/bio-senf.ch\/wp-content\/uploads\/DSC1141-c.jpg\",\"width\":800,\"height\":531,\"caption\":\"Zofiger Bio-Senf Biomarche 2014, Reto Lutz, 4800 Zofingen\"},{\"@type\":\"BreadcrumbList\",\"@id\":\"https:\/\/bio-senf.ch\/fr\/histoire\/#breadcrumb\",\"itemListElement\":[{\"@type\":\"ListItem\",\"position\":1,\"name\":\"Startseite\",\"item\":\"https:\/\/bio-senf.ch\/fr\/\"},{\"@type\":\"ListItem\",\"position\":2,\"name\":\"Histoire\"}]},{\"@type\":\"WebSite\",\"@id\":\"https:\/\/bio-senf.ch\/fr\/#website\",\"url\":\"https:\/\/bio-senf.ch\/fr\/\",\"name\":\"Bio-Senf\",\"description\":\"Wir geben \u00fcberall unseren Senf dazu\",\"potentialAction\":[{\"@type\":\"SearchAction\",\"target\":{\"@type\":\"EntryPoint\",\"urlTemplate\":\"https:\/\/bio-senf.ch\/fr\/?s={search_term_string}\"},\"query-input\":{\"@type\":\"PropertyValueSpecification\",\"valueRequired\":true,\"valueName\":\"search_term_string\"}}],\"inLanguage\":\"fr-FR\"}]}<\/script>\n<!-- \/ Yoast SEO plugin. -->","yoast_head_json":{"title":"Histoire - Bio-Senf","description":"La moutarde bio et comment tout a commenc\u00e9 L'histoire de et sur la moutarde bio. Plus de 25 vari\u00e9t\u00e9s et distingu\u00e9es par le Bourgeon.","robots":{"index":"index","follow":"follow","max-snippet":"max-snippet:-1","max-image-preview":"max-image-preview:large","max-video-preview":"max-video-preview:-1"},"canonical":"https:\/\/bio-senf.ch\/fr\/histoire\/","og_locale":"fr_FR","og_type":"article","og_title":"Histoire - Bio-Senf","og_description":"La moutarde bio et comment tout a commenc\u00e9 L'histoire de et sur la moutarde bio. Plus de 25 vari\u00e9t\u00e9s et distingu\u00e9es par le Bourgeon.","og_url":"https:\/\/bio-senf.ch\/fr\/histoire\/","og_site_name":"Bio-Senf","article_modified_time":"2022-08-02T07:26:35+00:00","og_image":[{"width":800,"height":531,"url":"https:\/\/bio-senf.ch\/wp-content\/uploads\/DSC1141-c.jpg","type":"image\/jpeg"}],"twitter_card":"summary_large_image","twitter_misc":{"Dur\u00e9e de lecture estim\u00e9e":"4 minutes"},"schema":{"@context":"https:\/\/schema.org","@graph":[{"@type":"WebPage","@id":"https:\/\/bio-senf.ch\/fr\/histoire\/","url":"https:\/\/bio-senf.ch\/fr\/histoire\/","name":"Histoire - Bio-Senf","isPartOf":{"@id":"https:\/\/bio-senf.ch\/fr\/#website"},"primaryImageOfPage":{"@id":"https:\/\/bio-senf.ch\/fr\/histoire\/#primaryimage"},"image":{"@id":"https:\/\/bio-senf.ch\/fr\/histoire\/#primaryimage"},"thumbnailUrl":"https:\/\/bio-senf.ch\/wp-content\/uploads\/DSC1141-c.jpg","datePublished":"2022-08-02T07:26:31+00:00","dateModified":"2022-08-02T07:26:35+00:00","description":"La moutarde bio et comment tout a commenc\u00e9 L'histoire de et sur la moutarde bio. Plus de 25 vari\u00e9t\u00e9s et distingu\u00e9es par le Bourgeon.","breadcrumb":{"@id":"https:\/\/bio-senf.ch\/fr\/histoire\/#breadcrumb"},"inLanguage":"fr-FR","potentialAction":[{"@type":"ReadAction","target":["https:\/\/bio-senf.ch\/fr\/histoire\/"]}]},{"@type":"ImageObject","inLanguage":"fr-FR","@id":"https:\/\/bio-senf.ch\/fr\/histoire\/#primaryimage","url":"https:\/\/bio-senf.ch\/wp-content\/uploads\/DSC1141-c.jpg","contentUrl":"https:\/\/bio-senf.ch\/wp-content\/uploads\/DSC1141-c.jpg","width":800,"height":531,"caption":"Zofiger Bio-Senf Biomarche 2014, Reto Lutz, 4800 Zofingen"},{"@type":"BreadcrumbList","@id":"https:\/\/bio-senf.ch\/fr\/histoire\/#breadcrumb","itemListElement":[{"@type":"ListItem","position":1,"name":"Startseite","item":"https:\/\/bio-senf.ch\/fr\/"},{"@type":"ListItem","position":2,"name":"Histoire"}]},{"@type":"WebSite","@id":"https:\/\/bio-senf.ch\/fr\/#website","url":"https:\/\/bio-senf.ch\/fr\/","name":"Bio-Senf","description":"Wir geben \u00fcberall unseren Senf dazu","potentialAction":[{"@type":"SearchAction","target":{"@type":"EntryPoint","urlTemplate":"https:\/\/bio-senf.ch\/fr\/?s={search_term_string}"},"query-input":{"@type":"PropertyValueSpecification","valueRequired":true,"valueName":"search_term_string"}}],"inLanguage":"fr-FR"}]}},"_links":{"self":[{"href":"https:\/\/bio-senf.ch\/fr\/wp-json\/wp\/v2\/pages\/4956","targetHints":{"allow":["GET"]}}],"collection":[{"href":"https:\/\/bio-senf.ch\/fr\/wp-json\/wp\/v2\/pages"}],"about":[{"href":"https:\/\/bio-senf.ch\/fr\/wp-json\/wp\/v2\/types\/page"}],"author":[{"embeddable":true,"href":"https:\/\/bio-senf.ch\/fr\/wp-json\/wp\/v2\/users\/3"}],"replies":[{"embeddable":true,"href":"https:\/\/bio-senf.ch\/fr\/wp-json\/wp\/v2\/comments?post=4956"}],"version-history":[{"count":1,"href":"https:\/\/bio-senf.ch\/fr\/wp-json\/wp\/v2\/pages\/4956\/revisions"}],"predecessor-version":[{"id":4959,"href":"https:\/\/bio-senf.ch\/fr\/wp-json\/wp\/v2\/pages\/4956\/revisions\/4959"}],"wp:featuredmedia":[{"embeddable":true,"href":"https:\/\/bio-senf.ch\/fr\/wp-json\/wp\/v2\/media\/4802"}],"wp:attachment":[{"href":"https:\/\/bio-senf.ch\/fr\/wp-json\/wp\/v2\/media?parent=4956"}],"curies":[{"name":"wp","href":"https:\/\/api.w.org\/{rel}","templated":true}]}}